{"id":76,"date":"2020-03-16T13:59:40","date_gmt":"2020-03-16T12:59:40","guid":{"rendered":"http:\/\/www.asc-spain.es\/?page_id=76"},"modified":"2021-08-27T09:02:31","modified_gmt":"2021-08-27T07:02:31","slug":"noticias","status":"publish","type":"page","link":"https:\/\/www.asc-spain.es\/index.php\/cominidad\/noticias\/","title":{"rendered":"Noticias"},"content":{"rendered":"<p>[vc_row content_placement=\u00bbtop\u00bb inner_container=\u00bbno\u00bb section_type=\u00bbheader\u00bb padding_top=\u00bb\u00bb padding_bottom=\u00bb\u00bb][vc_column][vc_single_image image=\u00bb13179&#8243; img_size=\u00bb1920px\u00bb alignment=\u00bbcenter\u00bb full_width=\u00bbyes\u00bb][\/vc_column][\/vc_row][vc_row][vc_column][vc_column_text]<\/p>\n<h2 style=\"text-align: center;\">NOVEDADES Y \u00c1REA DE PRENSA<\/h2>\n<p>[\/vc_column_text][\/vc_column][\/vc_row][vc_row full_height=\u00bbyes\u00bb equal_height=\u00bbyes\u00bb inner_container=\u00bbno\u00bb section_type=\u00bbheader\u00bb type=\u00bbcolor\u00bb column_gap=\u00bbno\u00bb padding_top=\u00bb\u00bb padding_bottom=\u00bb\u00bb padding_left=\u00bb20px\u00bb padding_right=\u00bb20px\u00bb][vc_column css=\u00bb.vc_custom_1589701328730{border-radius: 35px !important;}\u00bb]\n\t<div class=\"sq-posts-data\" style=\"display: none;\"><input type=\"hidden\" id=\"post-security\" name=\"post-security\" value=\"c3ae473abc\" \/><input type=\"hidden\" name=\"_wp_http_referer\" value=\"\/index.php\/wp-json\/wp\/v2\/pages\/76\" \/><input type=\"hidden\" name=\"pitem\" value=\"1\"><input type=\"hidden\" name=\"post_id\" value=\"76\"><\/div>\n\t\n\t\t<div class=\"kleo-view-switch\" data-identifier=\"76\"><ul><li><span data-type=\"masonry\" class=\"switch-masonry active\"><\/span><\/li><li><span data-type=\"standard\" class=\"switch-standard\"><\/span><\/li><\/ul><\/div><div class=\"clearfix\"><\/div>\n\t\t\n\t\n\t\n\t\t<div class=\"posts-listing responsive-cols kleo-masonry per-row-3 with-meta inline-meta masonry-listing\">\n\n\t\n\t\n<article id=\"post-15862\" class=\"post-item post-15862 post type-post status-publish format-standard hentry category-noticias\">\n\t<div class=\"post-content animated animate-when-almost-visible el-appear\">\n\n\t\t\n\t\t\n\t\t\t<div class=\"post-header\">\n\n\t\t\t\t\t\t\t\t\t<h3 class=\"post-title entry-title\"><a href=\"https:\/\/www.asc-spain.es\/index.php\/2026\/02\/25\/el-grupo-efm-participa-en-emtech-italy-2026\/\">El Grupo eFM participa en EmTech Italy 2026<\/a>\n\t\t\t\t\t<\/h3>\n\t\t\t\t\n\t\t\t\t<span class=\"post-meta\">\n                    <small><a href=\"https:\/\/www.asc-spain.es\/index.php\/2026\/02\/25\/el-grupo-efm-participa-en-emtech-italy-2026\/\" rel=\"bookmark\" class=\"post-time\"><time class=\"entry-date\" datetime=\"2026-02-25T13:53:24+01:00\">25 de febrero de 2026<\/time><time class=\"modify-date hide hidden updated\" datetime=\"2026-02-25T13:53:24+01:00\">25 de febrero de 2026<\/time><\/a><\/small>, <small class=\"meta-comment-count\"><a href=\"https:\/\/www.asc-spain.es\/index.php\/2026\/02\/25\/el-grupo-efm-participa-en-emtech-italy-2026\/#comments\">0 <i class=\"icon-chat-1 hover-tip\" data-original-title=\"Esta publicaci\u00f3n tiene 0 comentarios\" data-toggle=\"tooltip\" data-placement=\"top\"><\/i><\/a><\/small>                <\/span>\n\n\t\t\t<\/div><!--end post-header-->\n\n\t\t\t\n\t\t\t\t\t\t\t\t\t<div class=\"post-info\">\n\n\t\t\t\t\t\t<div class=\"entry-summary\">\n\t\t\t\t\t\t\t<p>El Grupo eFM estar\u00e1 presente en EmTech Italy 2026, la conferencia internacional organizada por MIT Technology Review dedicada a...<\/p>\t\t\t\t\t\t<\/div><!-- .entry-summary -->\n\n\t\t\t\t\t<\/div><!--end post-info-->\n\t\t\t\t\n\t\t\t\n\t\t\n\t\t<div class=\"post-footer\">\n\t\t\t<small>\n\t\t\t\t<a href=\"#\" class=\"item-likes\" id=\"item-likes-15862\" title=\"Like this\"><span class=\"item-likes-count\">0<\/span> <span class=\"item-likes-postfix\">likes<\/span><\/a>\n\t\t\t\t\t\t\t\t\t<a href=\"https:\/\/www.asc-spain.es\/index.php\/2026\/02\/25\/el-grupo-efm-participa-en-emtech-italy-2026\/\"><span class=\"muted pull-right\">\n\t\t\t\t\t\tLeer m\u00e1s<\/span>\n\t\t\t\t\t<\/a>\n\t\t\t\t\n\t\t\t<\/small>\n\t\t<\/div><!--end post-footer-->\n\n\t<\/div><!--end post-content-->\n<\/article>\n\n\n<article id=\"post-15860\" class=\"post-item post-15860 post type-post status-publish format-standard hentry category-noticias\">\n\t<div class=\"post-content animated animate-when-almost-visible el-appear\">\n\n\t\t\n\t\t\n\t\t\t<div class=\"post-header\">\n\n\t\t\t\t\t\t\t\t\t<h3 class=\"post-title entry-title\"><a href=\"https:\/\/www.asc-spain.es\/index.php\/2026\/02\/25\/culmina-la-integracion-de-archibus-solution-center-spain-en-el-grupo-efm\/\">Culmina la integraci\u00f3n de ARCHIBUS Solution Center Spain en el Grupo eFM<\/a>\n\t\t\t\t\t<\/h3>\n\t\t\t\t\n\t\t\t\t<span class=\"post-meta\">\n                    <small><a href=\"https:\/\/www.asc-spain.es\/index.php\/2026\/02\/25\/culmina-la-integracion-de-archibus-solution-center-spain-en-el-grupo-efm\/\" rel=\"bookmark\" class=\"post-time\"><time class=\"entry-date\" datetime=\"2026-02-25T13:46:39+01:00\">25 de febrero de 2026<\/time><time class=\"modify-date hide hidden updated\" datetime=\"2026-02-25T13:46:50+01:00\">25 de febrero de 2026<\/time><\/a><\/small>, <small class=\"meta-comment-count\"><a href=\"https:\/\/www.asc-spain.es\/index.php\/2026\/02\/25\/culmina-la-integracion-de-archibus-solution-center-spain-en-el-grupo-efm\/#comments\">0 <i class=\"icon-chat-1 hover-tip\" data-original-title=\"Esta publicaci\u00f3n tiene 0 comentarios\" data-toggle=\"tooltip\" data-placement=\"top\"><\/i><\/a><\/small>                <\/span>\n\n\t\t\t<\/div><!--end post-header-->\n\n\t\t\t\n\t\t\t\t\t\t\t\t\t<div class=\"post-info\">\n\n\t\t\t\t\t\t<div class=\"entry-summary\">\n\t\t\t\t\t\t\t<p>Hemos iniciado el a\u00f1o marcando un hito estrat\u00e9gico: la culminaci\u00f3n de la integraci\u00f3n de ARCHIBUS Solution Center Spain en...<\/p>\t\t\t\t\t\t<\/div><!-- .entry-summary -->\n\n\t\t\t\t\t<\/div><!--end post-info-->\n\t\t\t\t\n\t\t\t\n\t\t\n\t\t<div class=\"post-footer\">\n\t\t\t<small>\n\t\t\t\t<a href=\"#\" class=\"item-likes\" id=\"item-likes-15860\" title=\"Like this\"><span class=\"item-likes-count\">0<\/span> <span class=\"item-likes-postfix\">likes<\/span><\/a>\n\t\t\t\t\t\t\t\t\t<a href=\"https:\/\/www.asc-spain.es\/index.php\/2026\/02\/25\/culmina-la-integracion-de-archibus-solution-center-spain-en-el-grupo-efm\/\"><span class=\"muted pull-right\">\n\t\t\t\t\t\tLeer m\u00e1s<\/span>\n\t\t\t\t\t<\/a>\n\t\t\t\t\n\t\t\t<\/small>\n\t\t<\/div><!--end post-footer-->\n\n\t<\/div><!--end post-content-->\n<\/article>\n\n\n<article id=\"post-15742\" class=\"post-item post-15742 post type-post status-publish format-standard hentry category-noticias\">\n\t<div class=\"post-content animated animate-when-almost-visible el-appear\">\n\n\t\t\n\t\t\n\t\t\t<div class=\"post-header\">\n\n\t\t\t\t\t\t\t\t\t<h3 class=\"post-title entry-title\"><a href=\"https:\/\/www.asc-spain.es\/index.php\/2025\/06\/23\/archibus-obtiene-certificacion-fedramp-para-gestion-de-instalaciones-gubernamentales\/\">ARCHIBUS obtiene certificaci\u00f3n FedRAMP para gesti\u00f3n de instalaciones gubernamentales<\/a>\n\t\t\t\t\t<\/h3>\n\t\t\t\t\n\t\t\t\t<span class=\"post-meta\">\n                    <small><a href=\"https:\/\/www.asc-spain.es\/index.php\/2025\/06\/23\/archibus-obtiene-certificacion-fedramp-para-gestion-de-instalaciones-gubernamentales\/\" rel=\"bookmark\" class=\"post-time\"><time class=\"entry-date\" datetime=\"2025-06-23T08:03:03+02:00\">23 de junio de 2025<\/time><time class=\"modify-date hide hidden updated\" datetime=\"2025-06-23T16:35:30+02:00\">23 de junio de 2025<\/time><\/a><\/small>, <small class=\"meta-comment-count\"><a href=\"https:\/\/www.asc-spain.es\/index.php\/2025\/06\/23\/archibus-obtiene-certificacion-fedramp-para-gestion-de-instalaciones-gubernamentales\/#comments\">0 <i class=\"icon-chat-1 hover-tip\" data-original-title=\"Esta publicaci\u00f3n tiene 0 comentarios\" data-toggle=\"tooltip\" data-placement=\"top\"><\/i><\/a><\/small>                <\/span>\n\n\t\t\t<\/div><!--end post-header-->\n\n\t\t\t\n\t\t\t\t\t\t\t\t\t<div class=\"post-info\">\n\n\t\t\t\t\t\t<div class=\"entry-summary\">\n\t\t\t\t\t\t\t<p>ARCHIBUS ha obtenido el certificado FedRAMP\u00a0 (Federal Risk and Authorization Management Program) lo que facilitar\u00e1 que las agencias gubernamentales...<\/p>\t\t\t\t\t\t<\/div><!-- .entry-summary -->\n\n\t\t\t\t\t<\/div><!--end post-info-->\n\t\t\t\t\n\t\t\t\n\t\t\n\t\t<div class=\"post-footer\">\n\t\t\t<small>\n\t\t\t\t<a href=\"#\" class=\"item-likes\" id=\"item-likes-15742\" title=\"Like this\"><span class=\"item-likes-count\">0<\/span> <span class=\"item-likes-postfix\">likes<\/span><\/a>\n\t\t\t\t\t\t\t\t\t<a href=\"https:\/\/www.asc-spain.es\/index.php\/2025\/06\/23\/archibus-obtiene-certificacion-fedramp-para-gestion-de-instalaciones-gubernamentales\/\"><span class=\"muted pull-right\">\n\t\t\t\t\t\tLeer m\u00e1s<\/span>\n\t\t\t\t\t<\/a>\n\t\t\t\t\n\t\t\t<\/small>\n\t\t<\/div><!--end post-footer-->\n\n\t<\/div><!--end post-content-->\n<\/article>\n\n\n<article id=\"post-15739\" class=\"post-item post-15739 post type-post status-publish format-standard hentry category-noticias\">\n\t<div class=\"post-content animated animate-when-almost-visible el-appear\">\n\n\t\t<div class=\"post-image\"><a href=\"https:\/\/www.asc-spain.es\/index.php\/2025\/06\/20\/ya-esta-disponible-la-version-2025-01-de-archibus\/\" class=\"element-wrap\"><img decoding=\"async\" src=\"https:\/\/help.archibus.com\/user_en\/Subsystems\/webc\/Content\/web_user\/space\/quick_start\/content\/space\/bim_viewer\/view_room_details.png\" alt=\"Ya est\u00e1 disponible la versi\u00f3n 2025.01 de ARCHIBUS\"><span class=\"hover-element\"><i>+<\/i><\/span><\/a><\/div><!--end post-image-->\n\t\t\n\t\t\t<div class=\"post-header\">\n\n\t\t\t\t\t\t\t\t\t<h3 class=\"post-title entry-title\"><a href=\"https:\/\/www.asc-spain.es\/index.php\/2025\/06\/20\/ya-esta-disponible-la-version-2025-01-de-archibus\/\">Ya est\u00e1 disponible la versi\u00f3n 2025.01 de ARCHIBUS<\/a>\n\t\t\t\t\t<\/h3>\n\t\t\t\t\n\t\t\t\t<span class=\"post-meta\">\n                    <small><a href=\"https:\/\/www.asc-spain.es\/index.php\/2025\/06\/20\/ya-esta-disponible-la-version-2025-01-de-archibus\/\" rel=\"bookmark\" class=\"post-time\"><time class=\"entry-date\" datetime=\"2025-06-20T13:07:46+02:00\">20 de junio de 2025<\/time><time class=\"modify-date hide hidden updated\" datetime=\"2025-06-20T13:07:46+02:00\">20 de junio de 2025<\/time><\/a><\/small>, <small class=\"meta-comment-count\"><a href=\"https:\/\/www.asc-spain.es\/index.php\/2025\/06\/20\/ya-esta-disponible-la-version-2025-01-de-archibus\/#comments\">0 <i class=\"icon-chat-1 hover-tip\" data-original-title=\"Esta publicaci\u00f3n tiene 0 comentarios\" data-toggle=\"tooltip\" data-placement=\"top\"><\/i><\/a><\/small>                <\/span>\n\n\t\t\t<\/div><!--end post-header-->\n\n\t\t\t\n\t\t\t\t\t\t\t\t\t<div class=\"post-info\">\n\n\t\t\t\t\t\t<div class=\"entry-summary\">\n\t\t\t\t\t\t\t<p>La nueva versi\u00f3n de ARCHIBUS introduce significativas mejoras en experiencia de usuario, funcionalidad m\u00f3vil y conectividad con los productos...<\/p>\t\t\t\t\t\t<\/div><!-- .entry-summary -->\n\n\t\t\t\t\t<\/div><!--end post-info-->\n\t\t\t\t\n\t\t\t\n\t\t\n\t\t<div class=\"post-footer\">\n\t\t\t<small>\n\t\t\t\t<a href=\"#\" class=\"item-likes\" id=\"item-likes-15739\" title=\"Like this\"><span class=\"item-likes-count\">0<\/span> <span class=\"item-likes-postfix\">likes<\/span><\/a>\n\t\t\t\t\t\t\t\t\t<a href=\"https:\/\/www.asc-spain.es\/index.php\/2025\/06\/20\/ya-esta-disponible-la-version-2025-01-de-archibus\/\"><span class=\"muted pull-right\">\n\t\t\t\t\t\tLeer m\u00e1s<\/span>\n\t\t\t\t\t<\/a>\n\t\t\t\t\n\t\t\t<\/small>\n\t\t<\/div><!--end post-footer-->\n\n\t<\/div><!--end post-content-->\n<\/article>\n\n\n<article id=\"post-15521\" class=\"post-item post-15521 post type-post status-publish format-standard hentry category-noticias tag-archibus tag-assetmanagement tag-autodesk tag-bim tag-eam tag-facilitymanagement\">\n\t<div class=\"post-content animated animate-when-almost-visible el-appear\">\n\n\t\t\n\t\t\n\t\t\t<div class=\"post-header\">\n\n\t\t\t\t\t\t\t\t\t<h3 class=\"post-title entry-title\"><a href=\"https:\/\/www.asc-spain.es\/index.php\/2023\/11\/14\/unlocking-the-value-of-bim-data-through-to-operations\/\">Unlocking the Value of BIM Data Through to Operations<\/a>\n\t\t\t\t\t<\/h3>\n\t\t\t\t\n\t\t\t\t<span class=\"post-meta\">\n                    <small><a href=\"https:\/\/www.asc-spain.es\/index.php\/2023\/11\/14\/unlocking-the-value-of-bim-data-through-to-operations\/\" rel=\"bookmark\" class=\"post-time\"><time class=\"entry-date\" datetime=\"2023-11-14T11:19:40+01:00\">14 de noviembre de 2023<\/time><time class=\"modify-date hide hidden updated\" datetime=\"2023-11-14T11:22:39+01:00\">14 de noviembre de 2023<\/time><\/a><\/small>, <small class=\"meta-comment-count\"><a href=\"https:\/\/www.asc-spain.es\/index.php\/2023\/11\/14\/unlocking-the-value-of-bim-data-through-to-operations\/#comments\">0 <i class=\"icon-chat-1 hover-tip\" data-original-title=\"Esta publicaci\u00f3n tiene 0 comentarios\" data-toggle=\"tooltip\" data-placement=\"top\"><\/i><\/a><\/small>                <\/span>\n\n\t\t\t<\/div><!--end post-header-->\n\n\t\t\t\n\t\t\t\t\t\t\t\t\t<div class=\"post-info\">\n\n\t\t\t\t\t\t<div class=\"entry-summary\">\n\t\t\t\t\t\t\t<p>With ARCHIBUS and Autodesk Construction Cloud you can combine critical design and engineering data with building operational and performance...<\/p>\t\t\t\t\t\t<\/div><!-- .entry-summary -->\n\n\t\t\t\t\t<\/div><!--end post-info-->\n\t\t\t\t\n\t\t\t\n\t\t\n\t\t<div class=\"post-footer\">\n\t\t\t<small>\n\t\t\t\t<a href=\"#\" class=\"item-likes\" id=\"item-likes-15521\" title=\"Like this\"><span class=\"item-likes-count\">0<\/span> <span class=\"item-likes-postfix\">likes<\/span><\/a>\n\t\t\t\t\t\t\t\t\t<a href=\"https:\/\/www.asc-spain.es\/index.php\/2023\/11\/14\/unlocking-the-value-of-bim-data-through-to-operations\/\"><span class=\"muted pull-right\">\n\t\t\t\t\t\tLeer m\u00e1s<\/span>\n\t\t\t\t\t<\/a>\n\t\t\t\t\n\t\t\t<\/small>\n\t\t<\/div><!--end post-footer-->\n\n\t<\/div><!--end post-content-->\n<\/article>\n\n\n<article id=\"post-15514\" class=\"post-item post-15514 post type-post status-publish format-standard hentry category-noticias tag-archibus tag-facilitymanagement tag-iot tag-iwms tag-wellbeing tag-workplace\">\n\t<div class=\"post-content animated animate-when-almost-visible el-appear\">\n\n\t\t\n\t\t\n\t\t\t<div class=\"post-header\">\n\n\t\t\t\t\t\t\t\t\t<h3 class=\"post-title entry-title\"><a href=\"https:\/\/www.asc-spain.es\/index.php\/2023\/10\/26\/monitorizacion-de-entornos-saludables\/\">Monitorizaci\u00f3n de entornos saludables<\/a>\n\t\t\t\t\t<\/h3>\n\t\t\t\t\n\t\t\t\t<span class=\"post-meta\">\n                    <small><a href=\"https:\/\/www.asc-spain.es\/index.php\/2023\/10\/26\/monitorizacion-de-entornos-saludables\/\" rel=\"bookmark\" class=\"post-time\"><time class=\"entry-date\" datetime=\"2023-10-26T15:36:47+02:00\">26 de octubre de 2023<\/time><time class=\"modify-date hide hidden updated\" datetime=\"2023-10-26T15:37:36+02:00\">26 de octubre de 2023<\/time><\/a><\/small>, <small class=\"meta-comment-count\"><a href=\"https:\/\/www.asc-spain.es\/index.php\/2023\/10\/26\/monitorizacion-de-entornos-saludables\/#comments\">0 <i class=\"icon-chat-1 hover-tip\" data-original-title=\"Esta publicaci\u00f3n tiene 0 comentarios\" data-toggle=\"tooltip\" data-placement=\"top\"><\/i><\/a><\/small>                <\/span>\n\n\t\t\t<\/div><!--end post-header-->\n\n\t\t\t\n\t\t\t\t\t\t\t\t\t<div class=\"post-info\">\n\n\t\t\t\t\t\t<div class=\"entry-summary\">\n\t\t\t\t\t\t\t<p>La plataforma ARCHIBUS PLUS, incorporado tecnolog\u00eda de sensorizaci\u00f3n espec\u00edfica para el mantenimiento de las \u00f3ptimas condiciones medioambientales en el...<\/p>\t\t\t\t\t\t<\/div><!-- .entry-summary -->\n\n\t\t\t\t\t<\/div><!--end post-info-->\n\t\t\t\t\n\t\t\t\n\t\t\n\t\t<div class=\"post-footer\">\n\t\t\t<small>\n\t\t\t\t<a href=\"#\" class=\"item-likes\" id=\"item-likes-15514\" title=\"Like this\"><span class=\"item-likes-count\">1<\/span> <span class=\"item-likes-postfix\">like<\/span><\/a>\n\t\t\t\t\t\t\t\t\t<a href=\"https:\/\/www.asc-spain.es\/index.php\/2023\/10\/26\/monitorizacion-de-entornos-saludables\/\"><span class=\"muted pull-right\">\n\t\t\t\t\t\tLeer m\u00e1s<\/span>\n\t\t\t\t\t<\/a>\n\t\t\t\t\n\t\t\t<\/small>\n\t\t<\/div><!--end post-footer-->\n\n\t<\/div><!--end post-content-->\n<\/article>\n\n\n<article id=\"post-15451\" class=\"post-item post-15451 post type-post status-publish format-standard hentry category-noticias tag-aim tag-archibus tag-assetmanagement tag-bim tag-eam tag-facilitymanagement tag-gemelodigital\">\n\t<div class=\"post-content animated animate-when-almost-visible el-appear\">\n\n\t\t\n\t\t\n\t\t\t<div class=\"post-header\">\n\n\t\t\t\t\t\t\t\t\t<h3 class=\"post-title entry-title\"><a href=\"https:\/\/www.asc-spain.es\/index.php\/2023\/05\/03\/archibus-bim-viewer-nuevas-funciones\/\">ARCHIBUS BIM Viewer: Nuevas funciones<\/a>\n\t\t\t\t\t<\/h3>\n\t\t\t\t\n\t\t\t\t<span class=\"post-meta\">\n                    <small><a href=\"https:\/\/www.asc-spain.es\/index.php\/2023\/05\/03\/archibus-bim-viewer-nuevas-funciones\/\" rel=\"bookmark\" class=\"post-time\"><time class=\"entry-date\" datetime=\"2023-05-03T10:37:41+02:00\">3 de mayo de 2023<\/time><time class=\"modify-date hide hidden updated\" datetime=\"2023-10-26T15:39:00+02:00\">26 de octubre de 2023<\/time><\/a><\/small>, <small class=\"meta-comment-count\"><a href=\"https:\/\/www.asc-spain.es\/index.php\/2023\/05\/03\/archibus-bim-viewer-nuevas-funciones\/#comments\">0 <i class=\"icon-chat-1 hover-tip\" data-original-title=\"Esta publicaci\u00f3n tiene 0 comentarios\" data-toggle=\"tooltip\" data-placement=\"top\"><\/i><\/a><\/small>                <\/span>\n\n\t\t\t<\/div><!--end post-header-->\n\n\t\t\t\n\t\t\t\t\t\t\t\t\t<div class=\"post-info\">\n\n\t\t\t\t\t\t<div class=\"entry-summary\">\n\t\t\t\t\t\t\t<p>Ahora el BIM Viewer integrado en ARCHIBUS utiliza la extensi\u00f3n Autodesk Documents Explorer para acceder a las vistas 2D\/3D...<\/p>\t\t\t\t\t\t<\/div><!-- .entry-summary -->\n\n\t\t\t\t\t<\/div><!--end post-info-->\n\t\t\t\t\n\t\t\t\n\t\t\n\t\t<div class=\"post-footer\">\n\t\t\t<small>\n\t\t\t\t<a href=\"#\" class=\"item-likes\" id=\"item-likes-15451\" title=\"Like this\"><span class=\"item-likes-count\">1<\/span> <span class=\"item-likes-postfix\">like<\/span><\/a>\n\t\t\t\t\t\t\t\t\t<a href=\"https:\/\/www.asc-spain.es\/index.php\/2023\/05\/03\/archibus-bim-viewer-nuevas-funciones\/\"><span class=\"muted pull-right\">\n\t\t\t\t\t\tLeer m\u00e1s<\/span>\n\t\t\t\t\t<\/a>\n\t\t\t\t\n\t\t\t<\/small>\n\t\t<\/div><!--end post-footer-->\n\n\t<\/div><!--end post-content-->\n<\/article>\n\n\n<article id=\"post-15380\" class=\"post-item post-15380 post type-post status-publish format-standard hentry category-noticias tag-archibus\">\n\t<div class=\"post-content animated animate-when-almost-visible el-appear\">\n\n\t\t\n\t\t\n\t\t\t<div class=\"post-header\">\n\n\t\t\t\t\t\t\t\t\t<h3 class=\"post-title entry-title\"><a href=\"https:\/\/www.asc-spain.es\/index.php\/2022\/11\/04\/archibus-v2022-04\/\">ARCHIBUS v2022.04<\/a>\n\t\t\t\t\t<\/h3>\n\t\t\t\t\n\t\t\t\t<span class=\"post-meta\">\n                    <small><a href=\"https:\/\/www.asc-spain.es\/index.php\/2022\/11\/04\/archibus-v2022-04\/\" rel=\"bookmark\" class=\"post-time\"><time class=\"entry-date\" datetime=\"2022-11-04T13:33:29+01:00\">4 de noviembre de 2022<\/time><time class=\"modify-date hide hidden updated\" datetime=\"2023-01-30T14:03:29+01:00\">30 de enero de 2023<\/time><\/a><\/small>, <small class=\"meta-comment-count\"><a href=\"https:\/\/www.asc-spain.es\/index.php\/2022\/11\/04\/archibus-v2022-04\/#comments\">0 <i class=\"icon-chat-1 hover-tip\" data-original-title=\"Esta publicaci\u00f3n tiene 0 comentarios\" data-toggle=\"tooltip\" data-placement=\"top\"><\/i><\/a><\/small>                <\/span>\n\n\t\t\t<\/div><!--end post-header-->\n\n\t\t\t\n\t\t\t\t\t\t\t\t\t<div class=\"post-info\">\n\n\t\t\t\t\t\t<div class=\"entry-summary\">\n\t\t\t\t\t\t\t<p>Ya est\u00e1 disponible ARCHIBUS v2022.04.\r\nEsta nueva versi\u00f3n extiende la a utilizaci\u00f3n del BIM Viewer en las aplicaciones de asset...<\/p>\t\t\t\t\t\t<\/div><!-- .entry-summary -->\n\n\t\t\t\t\t<\/div><!--end post-info-->\n\t\t\t\t\n\t\t\t\n\t\t\n\t\t<div class=\"post-footer\">\n\t\t\t<small>\n\t\t\t\t<a href=\"#\" class=\"item-likes\" id=\"item-likes-15380\" title=\"Like this\"><span class=\"item-likes-count\">1<\/span> <span class=\"item-likes-postfix\">like<\/span><\/a>\n\t\t\t\t\t\t\t\t\t<a href=\"https:\/\/www.asc-spain.es\/index.php\/2022\/11\/04\/archibus-v2022-04\/\"><span class=\"muted pull-right\">\n\t\t\t\t\t\tLeer m\u00e1s<\/span>\n\t\t\t\t\t<\/a>\n\t\t\t\t\n\t\t\t<\/small>\n\t\t<\/div><!--end post-footer-->\n\n\t<\/div><!--end post-content-->\n<\/article>\n\n\n<article id=\"post-15350\" class=\"post-item post-15350 post type-post status-publish format-standard hentry category-noticias tag-archibus tag-eptura\">\n\t<div class=\"post-content animated animate-when-almost-visible el-appear\">\n\n\t\t\n\t\t\n\t\t\t<div class=\"post-header\">\n\n\t\t\t\t\t\t\t\t\t<h3 class=\"post-title entry-title\"><a href=\"https:\/\/www.asc-spain.es\/index.php\/2022\/11\/03\/condeco-e-ioffice-spaceiq-se-fusionan\/\">Condeco e iOffice + SpaceIQ se fusionan<\/a>\n\t\t\t\t\t<\/h3>\n\t\t\t\t\n\t\t\t\t<span class=\"post-meta\">\n                    <small><a href=\"https:\/\/www.asc-spain.es\/index.php\/2022\/11\/03\/condeco-e-ioffice-spaceiq-se-fusionan\/\" rel=\"bookmark\" class=\"post-time\"><time class=\"entry-date\" datetime=\"2022-11-03T13:14:40+01:00\">3 de noviembre de 2022<\/time><time class=\"modify-date hide hidden updated\" datetime=\"2023-01-30T14:03:12+01:00\">30 de enero de 2023<\/time><\/a><\/small>, <small class=\"meta-comment-count\"><a href=\"https:\/\/www.asc-spain.es\/index.php\/2022\/11\/03\/condeco-e-ioffice-spaceiq-se-fusionan\/#comments\">0 <i class=\"icon-chat-1 hover-tip\" data-original-title=\"Esta publicaci\u00f3n tiene 0 comentarios\" data-toggle=\"tooltip\" data-placement=\"top\"><\/i><\/a><\/small>                <\/span>\n\n\t\t\t<\/div><!--end post-header-->\n\n\t\t\t\n\t\t\t\t\t\t\t\t\t<div class=\"post-info\">\n\n\t\t\t\t\t\t<div class=\"entry-summary\">\n\t\t\t\t\t\t\t<p>El pasado 5 de octubre de 2022,\u00a0 se ha constituido Eptura mediante la fusi\u00f3n de las empresas Condeco e...<\/p>\t\t\t\t\t\t<\/div><!-- .entry-summary -->\n\n\t\t\t\t\t<\/div><!--end post-info-->\n\t\t\t\t\n\t\t\t\n\t\t\n\t\t<div class=\"post-footer\">\n\t\t\t<small>\n\t\t\t\t<a href=\"#\" class=\"item-likes\" id=\"item-likes-15350\" title=\"Like this\"><span class=\"item-likes-count\">1<\/span> <span class=\"item-likes-postfix\">like<\/span><\/a>\n\t\t\t\t\t\t\t\t\t<a href=\"https:\/\/www.asc-spain.es\/index.php\/2022\/11\/03\/condeco-e-ioffice-spaceiq-se-fusionan\/\"><span class=\"muted pull-right\">\n\t\t\t\t\t\tLeer m\u00e1s<\/span>\n\t\t\t\t\t<\/a>\n\t\t\t\t\n\t\t\t<\/small>\n\t\t<\/div><!--end post-footer-->\n\n\t<\/div><!--end post-content-->\n<\/article>\n\n\n<article id=\"post-15153\" class=\"post-item post-15153 post type-post status-publish format-standard hentry category-noticias tag-archibus tag-asset tag-assetmanagement tag-clockworks\">\n\t<div class=\"post-content animated animate-when-almost-visible el-appear\">\n\n\t\t\n\t\t\n\t\t\t<div class=\"post-header\">\n\n\t\t\t\t\t\t\t\t\t<h3 class=\"post-title entry-title\"><a href=\"https:\/\/www.asc-spain.es\/index.php\/2021\/09\/30\/archibus-y-clockworks-analytics-se-integran-para-posibilitar-el-mantenimiento-basado-en-la-condicion\/\">ARCHIBUS y CLOCKWORKS ANALYTICS  integran sus soluciones<\/a>\n\t\t\t\t\t<\/h3>\n\t\t\t\t\n\t\t\t\t<span class=\"post-meta\">\n                    <small><a href=\"https:\/\/www.asc-spain.es\/index.php\/2021\/09\/30\/archibus-y-clockworks-analytics-se-integran-para-posibilitar-el-mantenimiento-basado-en-la-condicion\/\" rel=\"bookmark\" class=\"post-time\"><time class=\"entry-date\" datetime=\"2021-09-30T16:33:37+02:00\">30 de septiembre de 2021<\/time><time class=\"modify-date hide hidden updated\" datetime=\"2021-09-30T17:02:11+02:00\">30 de septiembre de 2021<\/time><\/a><\/small>, <small class=\"meta-comment-count\"><a href=\"https:\/\/www.asc-spain.es\/index.php\/2021\/09\/30\/archibus-y-clockworks-analytics-se-integran-para-posibilitar-el-mantenimiento-basado-en-la-condicion\/#comments\">0 <i class=\"icon-chat-1 hover-tip\" data-original-title=\"Esta publicaci\u00f3n tiene 0 comentarios\" data-toggle=\"tooltip\" data-placement=\"top\"><\/i><\/a><\/small>                <\/span>\n\n\t\t\t<\/div><!--end post-header-->\n\n\t\t\t\n\t\t\t\t\t\t\t\t\t<div class=\"post-info\">\n\n\t\t\t\t\t\t<div class=\"entry-summary\">\n\t\t\t\t\t\t\t<p>SOMERVILLE, Mass. (29 de septiembre de 2021) Clockworks Analytics, empresa especializada en la anal\u00edtica de edificios y Archibus han...<\/p>\t\t\t\t\t\t<\/div><!-- .entry-summary -->\n\n\t\t\t\t\t<\/div><!--end post-info-->\n\t\t\t\t\n\t\t\t\n\t\t\n\t\t<div class=\"post-footer\">\n\t\t\t<small>\n\t\t\t\t<a href=\"#\" class=\"item-likes\" id=\"item-likes-15153\" title=\"Like this\"><span class=\"item-likes-count\">1<\/span> <span class=\"item-likes-postfix\">like<\/span><\/a>\n\t\t\t\t\t\t\t\t\t<a href=\"https:\/\/www.asc-spain.es\/index.php\/2021\/09\/30\/archibus-y-clockworks-analytics-se-integran-para-posibilitar-el-mantenimiento-basado-en-la-condicion\/\"><span class=\"muted pull-right\">\n\t\t\t\t\t\tLeer m\u00e1s<\/span>\n\t\t\t\t\t<\/a>\n\t\t\t\t\n\t\t\t<\/small>\n\t\t<\/div><!--end post-footer-->\n\n\t<\/div><!--end post-content-->\n<\/article>\n\n\n<article id=\"post-15144\" class=\"post-item post-15144 post type-post status-publish format-standard hentry category-noticias tag-archibus tag-autodesk\">\n\t<div class=\"post-content animated animate-when-almost-visible el-appear\">\n\n\t\t\n\t\t\n\t\t\t<div class=\"post-header\">\n\n\t\t\t\t\t\t\t\t\t<h3 class=\"post-title entry-title\"><a href=\"https:\/\/www.asc-spain.es\/index.php\/2021\/09\/22\/inversion-estrategica-de-autodesk-en-archibus\/\">Inversi\u00f3n Estrat\u00e9gica de Autodesk en Archibus<\/a>\n\t\t\t\t\t<\/h3>\n\t\t\t\t\n\t\t\t\t<span class=\"post-meta\">\n                    <small><a href=\"https:\/\/www.asc-spain.es\/index.php\/2021\/09\/22\/inversion-estrategica-de-autodesk-en-archibus\/\" rel=\"bookmark\" class=\"post-time\"><time class=\"entry-date\" datetime=\"2021-09-22T08:32:15+02:00\">22 de septiembre de 2021<\/time><time class=\"modify-date hide hidden updated\" datetime=\"2021-12-28T17:03:01+01:00\">28 de diciembre de 2021<\/time><\/a><\/small>, <small class=\"meta-comment-count\"><a href=\"https:\/\/www.asc-spain.es\/index.php\/2021\/09\/22\/inversion-estrategica-de-autodesk-en-archibus\/#comments\">0 <i class=\"icon-chat-1 hover-tip\" data-original-title=\"Esta publicaci\u00f3n tiene 0 comentarios\" data-toggle=\"tooltip\" data-placement=\"top\"><\/i><\/a><\/small>                <\/span>\n\n\t\t\t<\/div><!--end post-header-->\n\n\t\t\t\n\t\t\t\t\t\t\t\t\t<div class=\"post-info\">\n\n\t\t\t\t\t\t<div class=\"entry-summary\">\n\t\t\t\t\t\t\t<p>Autodesk ha anunciado que esta inversi\u00f3n es otro paso m\u00e1s en sus esfuerzos para proporcionar soluciones que posibiliten una...<\/p>\t\t\t\t\t\t<\/div><!-- .entry-summary -->\n\n\t\t\t\t\t<\/div><!--end post-info-->\n\t\t\t\t\n\t\t\t\n\t\t\n\t\t<div class=\"post-footer\">\n\t\t\t<small>\n\t\t\t\t<a href=\"#\" class=\"item-likes\" id=\"item-likes-15144\" title=\"Like this\"><span class=\"item-likes-count\">1<\/span> <span class=\"item-likes-postfix\">like<\/span><\/a>\n\t\t\t\t\t\t\t\t\t<a href=\"https:\/\/www.asc-spain.es\/index.php\/2021\/09\/22\/inversion-estrategica-de-autodesk-en-archibus\/\"><span class=\"muted pull-right\">\n\t\t\t\t\t\tLeer m\u00e1s<\/span>\n\t\t\t\t\t<\/a>\n\t\t\t\t\n\t\t\t<\/small>\n\t\t<\/div><!--end post-footer-->\n\n\t<\/div><!--end post-content-->\n<\/article>\n\n\n<article id=\"post-15109\" class=\"post-item post-15109 post type-post status-publish format-standard hentry category-noticias tag-aim tag-archibus tag-assetmanagement tag-leica tag-scan-to-fm tag-scanning3d tag-truview\">\n\t<div class=\"post-content animated animate-when-almost-visible el-appear\">\n\n\t\t\n\t\t\n\t\t\t<div class=\"post-header\">\n\n\t\t\t\t\t\t\t\t\t<h3 class=\"post-title entry-title\"><a href=\"https:\/\/www.asc-spain.es\/index.php\/2021\/08\/31\/el-hospital-universitario-de-fuenlabrada-contrata-el-servicio-archibus-plus\/\">El Hospital Universitario de Fuenlabrada contrata Archibus PLUS<\/a>\n\t\t\t\t\t<\/h3>\n\t\t\t\t\n\t\t\t\t<span class=\"post-meta\">\n                    <small><a href=\"https:\/\/www.asc-spain.es\/index.php\/2021\/08\/31\/el-hospital-universitario-de-fuenlabrada-contrata-el-servicio-archibus-plus\/\" rel=\"bookmark\" class=\"post-time\"><time class=\"entry-date\" datetime=\"2021-08-31T13:39:25+02:00\">31 de agosto de 2021<\/time><time class=\"modify-date hide hidden updated\" datetime=\"2021-09-30T17:00:53+02:00\">30 de septiembre de 2021<\/time><\/a><\/small>, <small class=\"meta-comment-count\"><a href=\"https:\/\/www.asc-spain.es\/index.php\/2021\/08\/31\/el-hospital-universitario-de-fuenlabrada-contrata-el-servicio-archibus-plus\/#comments\">0 <i class=\"icon-chat-1 hover-tip\" data-original-title=\"Esta publicaci\u00f3n tiene 0 comentarios\" data-toggle=\"tooltip\" data-placement=\"top\"><\/i><\/a><\/small>                <\/span>\n\n\t\t\t<\/div><!--end post-header-->\n\n\t\t\t\n\t\t\t\t\t\t\t\t\t<div class=\"post-info\">\n\n\t\t\t\t\t\t<div class=\"entry-summary\">\n\t\t\t\t\t\t\t<p>El HUF ha contratado el servicio Archibus PLUS para la digitalizaci\u00f3n de la gesti\u00f3n del inventario de espacios y...<\/p>\t\t\t\t\t\t<\/div><!-- .entry-summary -->\n\n\t\t\t\t\t<\/div><!--end post-info-->\n\t\t\t\t\n\t\t\t\n\t\t\n\t\t<div class=\"post-footer\">\n\t\t\t<small>\n\t\t\t\t<a href=\"#\" class=\"item-likes\" id=\"item-likes-15109\" title=\"Like this\"><span class=\"item-likes-count\">0<\/span> <span class=\"item-likes-postfix\">likes<\/span><\/a>\n\t\t\t\t\t\t\t\t\t<a href=\"https:\/\/www.asc-spain.es\/index.php\/2021\/08\/31\/el-hospital-universitario-de-fuenlabrada-contrata-el-servicio-archibus-plus\/\"><span class=\"muted pull-right\">\n\t\t\t\t\t\tLeer m\u00e1s<\/span>\n\t\t\t\t\t<\/a>\n\t\t\t\t\n\t\t\t<\/small>\n\t\t<\/div><!--end post-footer-->\n\n\t<\/div><!--end post-content-->\n<\/article>\n\n\n\t<\/div> <!-- END post listing -->\n\n\t\t\t<div class=\"clearfix clear\"><\/div>\n\t\t<div class=\"posts-load-more text-center\">\n\t\t\t<a data-paged=\"2\" class=\"btn btn-highlight style2\"\n\t\t\t   href=\"#\">Load more<\/a>\n\t\t<\/div>\n\t\n[\/vc_column][\/vc_row]<\/p>\n","protected":false},"excerpt":{"rendered":"<p>[vc_row content_placement=\u00bbtop\u00bb inner_container=\u00bbno\u00bb section_type=\u00bbheader\u00bb padding_top=\u00bb\u00bb padding_bottom=\u00bb\u00bb][vc_column][vc_single_image image=\u00bb13179&#8243; img_size=\u00bb1920px\u00bb alignment=\u00bbcenter\u00bb full_width=\u00bbyes\u00bb][\/vc_column][\/vc_row][vc_row][vc_column][vc_column_text] NOVEDADES Y \u00c1REA DE PRENSA [\/vc_column_text][\/vc_column][\/vc_row][vc_row full_height=\u00bbyes\u00bb equal_height=\u00bbyes\u00bb inner_container=\u00bbno\u00bb section_type=\u00bbheader\u00bb type=\u00bbcolor\u00bb column_gap=\u00bbno\u00bb padding_top=\u00bb\u00bb padding_bottom=\u00bb\u00bb padding_left=\u00bb20px\u00bb padding_right=\u00bb20px\u00bb][vc_column css=\u00bb.vc_custom_1589701328730{border-radius: 35px !important;}\u00bb][\/vc_column][\/vc_row]<\/p>\n","protected":false},"author":1,"featured_media":0,"parent":105,"menu_order":0,"comment_status":"closed","ping_status":"closed","template":"","meta":{"footnotes":""},"class_list":["post-76","page","type-page","status-publish","hentry"],"_links":{"self":[{"href":"https:\/\/www.asc-spain.es\/index.php\/wp-json\/wp\/v2\/pages\/76","targetHints":{"allow":["GET"]}}],"collection":[{"href":"https:\/\/www.asc-spain.es\/index.php\/wp-json\/wp\/v2\/pages"}],"about":[{"href":"https:\/\/www.asc-spain.es\/index.php\/wp-json\/wp\/v2\/types\/page"}],"author":[{"embeddable":true,"href":"https:\/\/www.asc-spain.es\/index.php\/wp-json\/wp\/v2\/users\/1"}],"replies":[{"embeddable":true,"href":"https:\/\/www.asc-spain.es\/index.php\/wp-json\/wp\/v2\/comments?post=76"}],"version-history":[{"count":78,"href":"https:\/\/www.asc-spain.es\/index.php\/wp-json\/wp\/v2\/pages\/76\/revisions"}],"predecessor-version":[{"id":15102,"href":"https:\/\/www.asc-spain.es\/index.php\/wp-json\/wp\/v2\/pages\/76\/revisions\/15102"}],"up":[{"embeddable":true,"href":"https:\/\/www.asc-spain.es\/index.php\/wp-json\/wp\/v2\/pages\/105"}],"wp:attachment":[{"href":"https:\/\/www.asc-spain.es\/index.php\/wp-json\/wp\/v2\/media?parent=76"}],"curies":[{"name":"wp","href":"https:\/\/api.w.org\/{rel}","templated":true}]}}